{"id":2845,"date":"2016-05-22T21:50:14","date_gmt":"2016-05-22T21:50:14","guid":{"rendered":"http:\/\/www.virtualusatic.org\/?page_id=2845"},"modified":"2025-03-17T19:46:49","modified_gmt":"2025-03-17T19:46:49","slug":"dinamica-de-participacion","status":"publish","type":"page","link":"http:\/\/www.virtualusatic.org\/?page_id=2845","title":{"rendered":"Din\u00e1mica de participaci\u00f3n"},"content":{"rendered":"<p><span style=\"color: #800000;\"><strong>ESTRUCTURA<\/strong><\/span><\/p>\n<p>Cada comunicaci\u00f3n ser\u00e1 asignada a una de las tres <a href=\"http:\/\/www.virtualusatic.org\/?page_id=27\">\u00e1reas tem\u00e1ticas<\/a> del congreso que se desarrollar\u00e1 de forma totalmente online. Cada \u00e1rea tem\u00e1tica tiene asignado un d\u00eda en el <a href=\"http:\/\/www.virtualusatic.org\/?page_id=31\">programa<\/a>. Todas las comunicaciones estar\u00e1n expuestas de forma organizada por \u00e1reas tem\u00e1ticas.<\/p>\n<p>En principio, las \u00e1reas tem\u00e1ticas preferidas por los autores se respetan por la organizaci\u00f3n, pero \u00e9sta se reserva el derecho de cambiar el \u00e1rea de alguna comunicaci\u00f3n por razones tem\u00e1ticas u organizativas. Por ello, con anterioridad al inicio del congreso se pedir\u00e1 a todos los participantes que comprueben su ubicaci\u00f3n en el programa definitivo.<\/p>\n<p>Para cada comunicaci\u00f3n se habilitar\u00e1 un espacio de interacci\u00f3n en el que todos los participantes podr\u00e1n consultarla y aportar sus dudas, sugerencias, comentarios, etc.<\/p>\n<p>Cada autor debe estar especialmente pendiente de las interacciones y comentarios que se produzcan en su propia comunicaci\u00f3n, para dar respuesta a todas las cuestiones, preguntas, comentarios&#8230; que se le hagan, muy especialmente de forma s\u00edncrona en el horario y d\u00eda programado para su comunicaci\u00f3n.<\/p>\n<p><span style=\"color: #800000;\"><strong>DESARROLLO<\/strong><\/span><\/p>\n<p>En relaci\u00f3n al desarrollo del congreso,<strong> en cada sesi\u00f3n diaria<\/strong> correspondiente a cada \u00e1rea tem\u00e1tica, habr\u00e1 una webconferencia plenaria en directo en la que, al finalizar, todos los participantes pueden hacer sus preguntas al conferenciante invitado para debatir sobre el tema de la webconferencia y del \u00e1rea tem\u00e1tica del d\u00eda. Se estima la duraci\u00f3n de la conferencia en una hora, aproximadamente de 16:00 a 17:00 h. (horario de Madrid, Espa\u00f1a). Esta sesi\u00f3n de webconferencia <strong>se grabar\u00e1 y estar\u00e1 accesible a partir del d\u00eda siguiente<\/strong> por lo que, si por horario o por cualquier otra raz\u00f3n, no se puede asistir en directo, es posible visualizarla en otro momento. Adem\u00e1s, estas grabaciones estar\u00e1n disponibles en abierto al finalizar el congreso en la plataforma de webinars de la Red EuLES (<a href=\"http:\/\/webinars.eules.org\/\" target=\"_blank\" rel=\"noopener noreferrer\">http:\/\/webinars.eules.org\/<\/a>).<\/p>\n<p>Posteriormente, se espera de <strong>los autores de los trabajos que atiendan \u00abexpresamente\u00bb el correspondiente espacio de interacci\u00f3n <\/strong>asociado a su comunicaci\u00f3n durante un tiempo aproximado de dos horas (a partir de las 17:30 h., Madrid, Espa\u00f1a) para interactuar con otros participantes que puedan hacerle llegar sus comentarios. Tambi\u00e9n cada participante podr\u00e1 interactuar con los autores de otras comunicaciones aport\u00e1ndoles sus comentarios.<\/p>\n<p>As\u00ed mismo, fuera del horario programado, y mientras dure el congreso, alg\u00fan autor de cada trabajo se compromete a revisar las interacciones asociadas a su comunicaci\u00f3n, para no dejar ninguna pregunta sin respuesta en un tiempo m\u00e1ximo de 24 horas.<\/p>\n<p><strong>La participaci\u00f3n relativa a cada comunicaci\u00f3n se realizar\u00e1 exclusivamente a trav\u00e9s de los espacios de interacci\u00f3n de forma escrita<\/strong>. No se dispondr\u00e1 de conexi\u00f3n de audio o v\u00eddeo para exponer o comentar las comunicaciones.<\/p>\n<hr \/>\n","protected":false},"excerpt":{"rendered":"<p>ESTRUCTURA Cada comunicaci\u00f3n ser\u00e1 asignada a una de las tres \u00e1reas tem\u00e1ticas del congreso que se desarrollar\u00e1 de forma totalmente online. Cada \u00e1rea tem\u00e1tica tiene asignado un d\u00eda en el programa. Todas las comunicaciones estar\u00e1n expuestas de forma organizada por \u00e1reas tem\u00e1ticas. En principio, las \u00e1reas tem\u00e1ticas preferidas por los autores se respetan por la &hellip; <\/p>\n<p class=\"link-more\"><a href=\"http:\/\/www.virtualusatic.org\/?page_id=2845\" class=\"more-link\">Continuar leyendo<span class=\"screen-reader-text\"> \u00abDin\u00e1mica de participaci\u00f3n\u00bb<\/span><\/a><\/p>\n","protected":false},"author":2,"featured_media":0,"parent":29,"menu_order":3,"comment_status":"closed","ping_status":"closed","template":"","meta":{"footnotes":""},"_links":{"self":[{"href":"http:\/\/www.virtualusatic.org\/index.php?rest_route=\/wp\/v2\/pages\/2845"}],"collection":[{"href":"http:\/\/www.virtualusatic.org\/index.php?rest_route=\/wp\/v2\/pages"}],"about":[{"href":"http:\/\/www.virtualusatic.org\/index.php?rest_route=\/wp\/v2\/types\/page"}],"author":[{"embeddable":true,"href":"http:\/\/www.virtualusatic.org\/index.php?rest_route=\/wp\/v2\/users\/2"}],"replies":[{"embeddable":true,"href":"http:\/\/www.virtualusatic.org\/index.php?rest_route=%2Fwp%2Fv2%2Fcomments&post=2845"}],"version-history":[{"count":23,"href":"http:\/\/www.virtualusatic.org\/index.php?rest_route=\/wp\/v2\/pages\/2845\/revisions"}],"predecessor-version":[{"id":6898,"href":"http:\/\/www.virtualusatic.org\/index.php?rest_route=\/wp\/v2\/pages\/2845\/revisions\/6898"}],"up":[{"embeddable":true,"href":"http:\/\/www.virtualusatic.org\/index.php?rest_route=\/wp\/v2\/pages\/29"}],"wp:attachment":[{"href":"http:\/\/www.virtualusatic.org\/index.php?rest_route=%2Fwp%2Fv2%2Fmedia&parent=2845"}],"curies":[{"name":"wp","href":"https:\/\/api.w.org\/{rel}","templated":true}]}}